{"id":2418,"date":"2019-12-15T19:00:58","date_gmt":"2019-12-15T18:00:58","guid":{"rendered":"http:\/\/unionmusicaltorrellano.es\/?page_id=2418"},"modified":"2025-09-22T19:20:50","modified_gmt":"2025-09-22T17:20:50","slug":"profesores","status":"publish","type":"page","link":"https:\/\/unionmusicaltorrellano.es\/index.php\/profesores\/","title":{"rendered":"Profesores"},"content":{"rendered":"\t\t<div data-elementor-type=\"wp-page\" data-elementor-id=\"2418\" class=\"elementor elementor-2418\">\n\t\t\t\t\t\t<section class=\"elementor-section elementor-top-section elementor-element elementor-element-c979c8a elementor-section-boxed elementor-section-height-default elementor-section-height-default\" data-id=\"c979c8a\" data-element_type=\"section\" data-e-type=\"section\">\n\t\t\t\t\t\t<div class=\"elementor-container elementor-column-gap-default\">\n\t\t\t\t\t<div class=\"elementor-column elementor-col-100 elementor-top-column elementor-element elementor-element-9b0edc9\" data-id=\"9b0edc9\" data-element_type=\"column\" data-e-type=\"column\">\n\t\t\t<div class=\"elementor-widget-wrap elementor-element-populated\">\n\t\t\t\t\t\t<div class=\"elementor-element elementor-element-d3ebb04 elementor-widget elementor-widget-text-editor\" data-id=\"d3ebb04\" data-element_type=\"widget\" data-e-type=\"widget\" data-widget_type=\"text-editor.default\">\n\t\t\t\t<div class=\"elementor-widget-container\">\n\t\t\t\t\t\t\t\t\t<h4>Profesor de Canto\/Guitarra y Coro: Estefan\u00eda Garc\u00eda Santar<\/h4>\t\t\t\t\t\t\t\t<\/div>\n\t\t\t\t<\/div>\n\t\t\t\t\t<\/div>\n\t\t<\/div>\n\t\t\t\t\t<\/div>\n\t\t<\/section>\n\t\t\t\t<section class=\"elementor-section elementor-top-section elementor-element elementor-element-1c57a25 elementor-section-boxed elementor-section-height-default elementor-section-height-default\" data-id=\"1c57a25\" data-element_type=\"section\" data-e-type=\"section\">\n\t\t\t\t\t\t<div class=\"elementor-container elementor-column-gap-default\">\n\t\t\t\t\t<div class=\"elementor-column elementor-col-100 elementor-top-column elementor-element elementor-element-f2a7ccf\" data-id=\"f2a7ccf\" data-element_type=\"column\" data-e-type=\"column\">\n\t\t\t<div class=\"elementor-widget-wrap elementor-element-populated\">\n\t\t\t\t\t\t<div class=\"elementor-element elementor-element-8197f68 elementor-widget-divider--view-line elementor-widget elementor-widget-divider\" data-id=\"8197f68\" data-element_type=\"widget\" data-e-type=\"widget\" data-widget_type=\"divider.default\">\n\t\t\t\t<div class=\"elementor-widget-container\">\n\t\t\t\t\t\t\t<div class=\"elementor-divider\">\n\t\t\t<span class=\"elementor-divider-separator\">\n\t\t\t\t\t\t<\/span>\n\t\t<\/div>\n\t\t\t\t\t\t<\/div>\n\t\t\t\t<\/div>\n\t\t\t\t\t<\/div>\n\t\t<\/div>\n\t\t\t\t\t<\/div>\n\t\t<\/section>\n\t\t\t\t<section class=\"elementor-section elementor-top-section elementor-element elementor-element-93fd673 elementor-section-boxed elementor-section-height-default elementor-section-height-default\" data-id=\"93fd673\" data-element_type=\"section\" data-e-type=\"section\">\n\t\t\t\t\t\t<div class=\"elementor-container elementor-column-gap-default\">\n\t\t\t\t\t<div class=\"elementor-column elementor-col-100 elementor-top-column elementor-element elementor-element-0b1c7a6\" data-id=\"0b1c7a6\" data-element_type=\"column\" data-e-type=\"column\">\n\t\t\t<div class=\"elementor-widget-wrap elementor-element-populated\">\n\t\t\t\t\t\t<div class=\"elementor-element elementor-element-02636fb elementor-widget elementor-widget-text-editor\" data-id=\"02636fb\" data-element_type=\"widget\" data-e-type=\"widget\" data-widget_type=\"text-editor.default\">\n\t\t\t\t<div class=\"elementor-widget-container\">\n\t\t\t\t\t\t\t\t\t<h4>Profesor Percusi\u00f3n: Valeria Collantes Silvestre<\/h4>\t\t\t\t\t\t\t\t<\/div>\n\t\t\t\t<\/div>\n\t\t\t\t\t<\/div>\n\t\t<\/div>\n\t\t\t\t\t<\/div>\n\t\t<\/section>\n\t\t\t\t<section class=\"elementor-section elementor-top-section elementor-element elementor-element-bc4bd12 elementor-section-boxed elementor-section-height-default elementor-section-height-default\" data-id=\"bc4bd12\" data-element_type=\"section\" data-e-type=\"section\">\n\t\t\t\t\t\t<div class=\"elementor-container elementor-column-gap-default\">\n\t\t\t\t\t<div class=\"elementor-column elementor-col-100 elementor-top-column elementor-element elementor-element-e8c0da1\" data-id=\"e8c0da1\" data-element_type=\"column\" data-e-type=\"column\">\n\t\t\t<div class=\"elementor-widget-wrap elementor-element-populated\">\n\t\t\t\t\t\t<div class=\"elementor-element elementor-element-c941705 elementor-widget-divider--view-line elementor-widget elementor-widget-divider\" data-id=\"c941705\" data-element_type=\"widget\" data-e-type=\"widget\" data-widget_type=\"divider.default\">\n\t\t\t\t<div class=\"elementor-widget-container\">\n\t\t\t\t\t\t\t<div class=\"elementor-divider\">\n\t\t\t<span class=\"elementor-divider-separator\">\n\t\t\t\t\t\t<\/span>\n\t\t<\/div>\n\t\t\t\t\t\t<\/div>\n\t\t\t\t<\/div>\n\t\t\t\t\t<\/div>\n\t\t<\/div>\n\t\t\t\t\t<\/div>\n\t\t<\/section>\n\t\t\t\t<section class=\"elementor-section elementor-top-section elementor-element elementor-element-f3ee464 elementor-section-boxed elementor-section-height-default elementor-section-height-default\" data-id=\"f3ee464\" data-element_type=\"section\" data-e-type=\"section\">\n\t\t\t\t\t\t<div class=\"elementor-container elementor-column-gap-default\">\n\t\t\t\t\t<div class=\"elementor-column elementor-col-100 elementor-top-column elementor-element elementor-element-3d7b13b\" data-id=\"3d7b13b\" data-element_type=\"column\" data-e-type=\"column\">\n\t\t\t<div class=\"elementor-widget-wrap elementor-element-populated\">\n\t\t\t\t\t\t<div class=\"elementor-element elementor-element-9cac808 elementor-widget elementor-widget-text-editor\" data-id=\"9cac808\" data-element_type=\"widget\" data-e-type=\"widget\" data-widget_type=\"text-editor.default\">\n\t\t\t\t<div class=\"elementor-widget-container\">\n\t\t\t\t\t\t\t\t\t<h4>Profesor Solfeo y Viento Metal: Jos\u00e9 Ismael Berenguer Ivorra<\/h4>\t\t\t\t\t\t\t\t<\/div>\n\t\t\t\t<\/div>\n\t\t\t\t\t<\/div>\n\t\t<\/div>\n\t\t\t\t\t<\/div>\n\t\t<\/section>\n\t\t\t\t<section class=\"elementor-section elementor-top-section elementor-element elementor-element-7feb6ba elementor-section-boxed elementor-section-height-default elementor-section-height-default\" data-id=\"7feb6ba\" data-element_type=\"section\" data-e-type=\"section\">\n\t\t\t\t\t\t<div class=\"elementor-container elementor-column-gap-default\">\n\t\t\t\t\t<div class=\"elementor-column elementor-col-100 elementor-top-column elementor-element elementor-element-401f66d\" data-id=\"401f66d\" data-element_type=\"column\" data-e-type=\"column\">\n\t\t\t<div class=\"elementor-widget-wrap elementor-element-populated\">\n\t\t\t\t\t\t<div class=\"elementor-element elementor-element-6b2afc8 elementor-widget-divider--view-line elementor-widget elementor-widget-divider\" data-id=\"6b2afc8\" data-element_type=\"widget\" data-e-type=\"widget\" data-widget_type=\"divider.default\">\n\t\t\t\t<div class=\"elementor-widget-container\">\n\t\t\t\t\t\t\t<div class=\"elementor-divider\">\n\t\t\t<span class=\"elementor-divider-separator\">\n\t\t\t\t\t\t<\/span>\n\t\t<\/div>\n\t\t\t\t\t\t<\/div>\n\t\t\t\t<\/div>\n\t\t\t\t\t<\/div>\n\t\t<\/div>\n\t\t\t\t\t<\/div>\n\t\t<\/section>\n\t\t\t\t<section class=\"elementor-section elementor-top-section elementor-element elementor-element-5634dc1 elementor-section-boxed elementor-section-height-default elementor-section-height-default\" data-id=\"5634dc1\" data-element_type=\"section\" data-e-type=\"section\">\n\t\t\t\t\t\t<div class=\"elementor-container elementor-column-gap-default\">\n\t\t\t\t\t<div class=\"elementor-column elementor-col-100 elementor-top-column elementor-element elementor-element-ead3ccc\" data-id=\"ead3ccc\" data-element_type=\"column\" data-e-type=\"column\">\n\t\t\t<div class=\"elementor-widget-wrap elementor-element-populated\">\n\t\t\t\t\t\t<div class=\"elementor-element elementor-element-9c6821c elementor-widget elementor-widget-text-editor\" data-id=\"9c6821c\" data-element_type=\"widget\" data-e-type=\"widget\" data-widget_type=\"text-editor.default\">\n\t\t\t\t<div class=\"elementor-widget-container\">\n\t\t\t\t\t\t\t\t\t<h4>Profesora de Piano: Tatiana N\u00fa\u00f1ez Mart\u00ednez<\/h4>\t\t\t\t\t\t\t\t<\/div>\n\t\t\t\t<\/div>\n\t\t\t\t\t<\/div>\n\t\t<\/div>\n\t\t\t\t\t<\/div>\n\t\t<\/section>\n\t\t\t\t<section class=\"elementor-section elementor-top-section elementor-element elementor-element-2db77e8 elementor-section-boxed elementor-section-height-default elementor-section-height-default\" data-id=\"2db77e8\" data-element_type=\"section\" data-e-type=\"section\">\n\t\t\t\t\t\t<div class=\"elementor-container elementor-column-gap-default\">\n\t\t\t\t\t<div class=\"elementor-column elementor-col-100 elementor-top-column elementor-element elementor-element-e40d6d5\" data-id=\"e40d6d5\" data-element_type=\"column\" data-e-type=\"column\">\n\t\t\t<div class=\"elementor-widget-wrap elementor-element-populated\">\n\t\t\t\t\t\t<div class=\"elementor-element elementor-element-7052dd3 elementor-widget-divider--view-line elementor-widget elementor-widget-divider\" data-id=\"7052dd3\" data-element_type=\"widget\" data-e-type=\"widget\" data-widget_type=\"divider.default\">\n\t\t\t\t<div class=\"elementor-widget-container\">\n\t\t\t\t\t\t\t<div class=\"elementor-divider\">\n\t\t\t<span class=\"elementor-divider-separator\">\n\t\t\t\t\t\t<\/span>\n\t\t<\/div>\n\t\t\t\t\t\t<\/div>\n\t\t\t\t<\/div>\n\t\t\t\t\t<\/div>\n\t\t<\/div>\n\t\t\t\t\t<\/div>\n\t\t<\/section>\n\t\t\t\t<section class=\"elementor-section elementor-top-section elementor-element elementor-element-ce98c3a elementor-section-boxed elementor-section-height-default elementor-section-height-default\" data-id=\"ce98c3a\" data-element_type=\"section\" data-e-type=\"section\">\n\t\t\t\t\t\t<div class=\"elementor-container elementor-column-gap-default\">\n\t\t\t\t\t<div class=\"elementor-column elementor-col-100 elementor-top-column elementor-element elementor-element-23a6552\" data-id=\"23a6552\" data-element_type=\"column\" data-e-type=\"column\">\n\t\t\t<div class=\"elementor-widget-wrap elementor-element-populated\">\n\t\t\t\t\t\t<div class=\"elementor-element elementor-element-e2b9eb7 elementor-widget elementor-widget-text-editor\" data-id=\"e2b9eb7\" data-element_type=\"widget\" data-e-type=\"widget\" data-widget_type=\"text-editor.default\">\n\t\t\t\t<div class=\"elementor-widget-container\">\n\t\t\t\t\t\t\t\t\t<h4>Profesor Banda: Andr\u00e9s Colomina Bernabeu<\/h4>\t\t\t\t\t\t\t\t<\/div>\n\t\t\t\t<\/div>\n\t\t\t\t\t<\/div>\n\t\t<\/div>\n\t\t\t\t\t<\/div>\n\t\t<\/section>\n\t\t\t\t<section class=\"elementor-section elementor-top-section elementor-element elementor-element-11b7fbc elementor-section-boxed elementor-section-height-default elementor-section-height-default\" data-id=\"11b7fbc\" data-element_type=\"section\" data-e-type=\"section\">\n\t\t\t\t\t\t<div class=\"elementor-container elementor-column-gap-default\">\n\t\t\t\t\t<div class=\"elementor-column elementor-col-100 elementor-top-column elementor-element elementor-element-ea9130b\" data-id=\"ea9130b\" data-element_type=\"column\" data-e-type=\"column\">\n\t\t\t<div class=\"elementor-widget-wrap elementor-element-populated\">\n\t\t\t\t\t\t<div class=\"elementor-element elementor-element-acbfe8a elementor-widget-divider--view-line elementor-widget elementor-widget-divider\" data-id=\"acbfe8a\" data-element_type=\"widget\" data-e-type=\"widget\" data-widget_type=\"divider.default\">\n\t\t\t\t<div class=\"elementor-widget-container\">\n\t\t\t\t\t\t\t<div class=\"elementor-divider\">\n\t\t\t<span class=\"elementor-divider-separator\">\n\t\t\t\t\t\t<\/span>\n\t\t<\/div>\n\t\t\t\t\t\t<\/div>\n\t\t\t\t<\/div>\n\t\t\t\t\t<\/div>\n\t\t<\/div>\n\t\t\t\t\t<\/div>\n\t\t<\/section>\n\t\t\t\t<section class=\"elementor-section elementor-top-section elementor-element elementor-element-1b64e5e elementor-section-boxed elementor-section-height-default elementor-section-height-default\" data-id=\"1b64e5e\" data-element_type=\"section\" data-e-type=\"section\">\n\t\t\t\t\t\t<div class=\"elementor-container elementor-column-gap-default\">\n\t\t\t\t\t<div class=\"elementor-column elementor-col-100 elementor-top-column elementor-element elementor-element-df49b43\" data-id=\"df49b43\" data-element_type=\"column\" data-e-type=\"column\">\n\t\t\t<div class=\"elementor-widget-wrap elementor-element-populated\">\n\t\t\t\t\t\t<div class=\"elementor-element elementor-element-cec2290 elementor-widget elementor-widget-text-editor\" data-id=\"cec2290\" data-element_type=\"widget\" data-e-type=\"widget\" data-widget_type=\"text-editor.default\">\n\t\t\t\t<div class=\"elementor-widget-container\">\n\t\t\t\t\t\t\t\t\t<h4>Profesora Flauta: Bel\u00e9n Prieto Torres<\/h4>\t\t\t\t\t\t\t\t<\/div>\n\t\t\t\t<\/div>\n\t\t\t\t\t<\/div>\n\t\t<\/div>\n\t\t\t\t\t<\/div>\n\t\t<\/section>\n\t\t\t\t<section class=\"elementor-section elementor-top-section elementor-element elementor-element-e50e99f elementor-section-boxed elementor-section-height-default elementor-section-height-default\" data-id=\"e50e99f\" data-element_type=\"section\" data-e-type=\"section\">\n\t\t\t\t\t\t<div class=\"elementor-container elementor-column-gap-default\">\n\t\t\t\t\t<div class=\"elementor-column elementor-col-100 elementor-top-column elementor-element elementor-element-8198a9f\" data-id=\"8198a9f\" data-element_type=\"column\" data-e-type=\"column\">\n\t\t\t<div class=\"elementor-widget-wrap elementor-element-populated\">\n\t\t\t\t\t\t<div class=\"elementor-element elementor-element-9cfc25a elementor-widget-divider--view-line elementor-widget elementor-widget-divider\" data-id=\"9cfc25a\" data-element_type=\"widget\" data-e-type=\"widget\" data-widget_type=\"divider.default\">\n\t\t\t\t<div class=\"elementor-widget-container\">\n\t\t\t\t\t\t\t<div class=\"elementor-divider\">\n\t\t\t<span class=\"elementor-divider-separator\">\n\t\t\t\t\t\t<\/span>\n\t\t<\/div>\n\t\t\t\t\t\t<\/div>\n\t\t\t\t<\/div>\n\t\t\t\t\t<\/div>\n\t\t<\/div>\n\t\t\t\t\t<\/div>\n\t\t<\/section>\n\t\t\t\t<section class=\"elementor-section elementor-top-section elementor-element elementor-element-1b1ff50 elementor-section-boxed elementor-section-height-default elementor-section-height-default\" data-id=\"1b1ff50\" data-element_type=\"section\" data-e-type=\"section\">\n\t\t\t\t\t\t<div class=\"elementor-container elementor-column-gap-default\">\n\t\t\t\t\t<div class=\"elementor-column elementor-col-100 elementor-top-column elementor-element elementor-element-d9ba42b\" data-id=\"d9ba42b\" data-element_type=\"column\" data-e-type=\"column\">\n\t\t\t<div class=\"elementor-widget-wrap elementor-element-populated\">\n\t\t\t\t\t\t<div class=\"elementor-element elementor-element-4217be9 elementor-widget elementor-widget-text-editor\" data-id=\"4217be9\" data-element_type=\"widget\" data-e-type=\"widget\" data-widget_type=\"text-editor.default\">\n\t\t\t\t<div class=\"elementor-widget-container\">\n\t\t\t\t\t\t\t\t\t<h4>Profesora de Saxo: Jos\u00e9 Ram\u00f3n Planelles Aracil<\/h4>\t\t\t\t\t\t\t\t<\/div>\n\t\t\t\t<\/div>\n\t\t\t\t\t<\/div>\n\t\t<\/div>\n\t\t\t\t\t<\/div>\n\t\t<\/section>\n\t\t\t\t<section class=\"elementor-section elementor-top-section elementor-element elementor-element-0bbc749 elementor-section-boxed elementor-section-height-default elementor-section-height-default\" data-id=\"0bbc749\" data-element_type=\"section\" data-e-type=\"section\">\n\t\t\t\t\t\t<div class=\"elementor-container elementor-column-gap-default\">\n\t\t\t\t\t<div class=\"elementor-column elementor-col-100 elementor-top-column elementor-element elementor-element-808bfed\" data-id=\"808bfed\" data-element_type=\"column\" data-e-type=\"column\">\n\t\t\t<div class=\"elementor-widget-wrap elementor-element-populated\">\n\t\t\t\t\t\t<div class=\"elementor-element elementor-element-3da0056 elementor-widget-divider--view-line elementor-widget elementor-widget-divider\" data-id=\"3da0056\" data-element_type=\"widget\" data-e-type=\"widget\" data-widget_type=\"divider.default\">\n\t\t\t\t<div class=\"elementor-widget-container\">\n\t\t\t\t\t\t\t<div class=\"elementor-divider\">\n\t\t\t<span class=\"elementor-divider-separator\">\n\t\t\t\t\t\t<\/span>\n\t\t<\/div>\n\t\t\t\t\t\t<\/div>\n\t\t\t\t<\/div>\n\t\t\t\t\t<\/div>\n\t\t<\/div>\n\t\t\t\t\t<\/div>\n\t\t<\/section>\n\t\t\t\t<section class=\"elementor-section elementor-top-section elementor-element elementor-element-5199bfe elementor-section-boxed elementor-section-height-default elementor-section-height-default\" data-id=\"5199bfe\" data-element_type=\"section\" data-e-type=\"section\">\n\t\t\t\t\t\t<div class=\"elementor-container elementor-column-gap-default\">\n\t\t\t\t\t<div class=\"elementor-column elementor-col-100 elementor-top-column elementor-element elementor-element-c329f82\" data-id=\"c329f82\" data-element_type=\"column\" data-e-type=\"column\">\n\t\t\t<div class=\"elementor-widget-wrap elementor-element-populated\">\n\t\t\t\t\t\t<div class=\"elementor-element elementor-element-84c8d72 elementor-widget elementor-widget-text-editor\" data-id=\"84c8d72\" data-element_type=\"widget\" data-e-type=\"widget\" data-widget_type=\"text-editor.default\">\n\t\t\t\t<div class=\"elementor-widget-container\">\n\t\t\t\t\t\t\t\t\t<h4>Profesor de Clarinete: Cristian Ripoll Juan<\/h4>\t\t\t\t\t\t\t\t<\/div>\n\t\t\t\t<\/div>\n\t\t\t\t<div class=\"elementor-element elementor-element-7e4de4a elementor-widget-divider--view-line elementor-widget elementor-widget-divider\" data-id=\"7e4de4a\" data-element_type=\"widget\" data-e-type=\"widget\" data-widget_type=\"divider.default\">\n\t\t\t\t<div class=\"elementor-widget-container\">\n\t\t\t\t\t\t\t<div class=\"elementor-divider\">\n\t\t\t<span class=\"elementor-divider-separator\">\n\t\t\t\t\t\t<\/span>\n\t\t<\/div>\n\t\t\t\t\t\t<\/div>\n\t\t\t\t<\/div>\n\t\t\t\t\t<\/div>\n\t\t<\/div>\n\t\t\t\t\t<\/div>\n\t\t<\/section>\n\t\t\t\t<section class=\"elementor-section elementor-top-section elementor-element elementor-element-f481fdf elementor-section-boxed elementor-section-height-default elementor-section-height-default\" data-id=\"f481fdf\" data-element_type=\"section\" data-e-type=\"section\">\n\t\t\t\t\t\t<div class=\"elementor-container elementor-column-gap-default\">\n\t\t\t\t\t<div class=\"elementor-column elementor-col-100 elementor-top-column elementor-element elementor-element-eece992\" data-id=\"eece992\" data-element_type=\"column\" data-e-type=\"column\">\n\t\t\t<div class=\"elementor-widget-wrap elementor-element-populated\">\n\t\t\t\t\t\t<div class=\"elementor-element elementor-element-64144ba elementor-widget elementor-widget-text-editor\" data-id=\"64144ba\" data-element_type=\"widget\" data-e-type=\"widget\" data-widget_type=\"text-editor.default\">\n\t\t\t\t<div class=\"elementor-widget-container\">\n\t\t\t\t\t\t\t\t\t<h4>Profesora de Jard\u00edn Musical: Paula G\u00f3mez Albert<\/h4>\t\t\t\t\t\t\t\t<\/div>\n\t\t\t\t<\/div>\n\t\t\t\t<div class=\"elementor-element elementor-element-5168e64 elementor-widget-divider--view-line elementor-widget elementor-widget-divider\" data-id=\"5168e64\" data-element_type=\"widget\" data-e-type=\"widget\" data-widget_type=\"divider.default\">\n\t\t\t\t<div class=\"elementor-widget-container\">\n\t\t\t\t\t\t\t<div class=\"elementor-divider\">\n\t\t\t<span class=\"elementor-divider-separator\">\n\t\t\t\t\t\t<\/span>\n\t\t<\/div>\n\t\t\t\t\t\t<\/div>\n\t\t\t\t<\/div>\n\t\t\t\t\t<\/div>\n\t\t<\/div>\n\t\t\t\t\t<\/div>\n\t\t<\/section>\n\t\t\t\t<\/div>\n\t\t","protected":false},"excerpt":{"rendered":"<p>Profesor de Canto\/Guitarra y Coro: Estefan\u00eda Garc\u00eda Santar Profesor Percusi\u00f3n: Valeria Collantes Silvestre Profesor Solfeo y Viento Metal: Jos\u00e9 Ismael Berenguer Ivorra Profesora de Piano: Tatiana N\u00fa\u00f1ez Mart\u00ednez Profesor Banda: Andr\u00e9s Colomina Bernabeu Profesora Flauta: Bel\u00e9n Prieto Torres Profesora de Saxo: Jos\u00e9 Ram\u00f3n Planelles Aracil Profesor de Clarinete: Cristian Ripoll Juan Profesora de Jard\u00edn Musical: [&hellip;]<\/p>\n","protected":false},"author":1,"featured_media":0,"parent":0,"menu_order":0,"comment_status":"closed","ping_status":"closed","template":"elementor_header_footer","meta":{"footnotes":""},"class_list":["post-2418","page","type-page","status-publish","hentry"],"yoast_head":"<!-- This site is optimized with the Yoast SEO plugin v27.4 - https:\/\/yoast.com\/product\/yoast-seo-wordpress\/ -->\n<title>Profesores - Uni\u00f3n Musical de Torrellano<\/title>\n<meta name=\"description\" content=\"Union Musical de Torrellano con escuela y banda\" \/>\n<meta name=\"robots\" content=\"index, follow, max-snippet:-1, max-image-preview:large, max-video-preview:-1\" \/>\n<link rel=\"canonical\" href=\"https:\/\/unionmusicaltorrellano.es\/index.php\/profesores\/\" \/>\n<meta property=\"og:locale\" content=\"es_ES\" \/>\n<meta property=\"og:type\" content=\"article\" \/>\n<meta property=\"og:title\" content=\"Profesores - Uni\u00f3n Musical de Torrellano\" \/>\n<meta property=\"og:description\" content=\"Union Musical de Torrellano con escuela y banda\" \/>\n<meta property=\"og:url\" content=\"https:\/\/unionmusicaltorrellano.es\/index.php\/profesores\/\" \/>\n<meta property=\"og:site_name\" content=\"Uni\u00f3n Musical de Torrellano\" \/>\n<meta property=\"article:publisher\" content=\"https:\/\/www.facebook.com\/umttorrellano\/\" \/>\n<meta property=\"article:modified_time\" content=\"2025-09-22T17:20:50+00:00\" \/>\n<meta name=\"twitter:card\" content=\"summary_large_image\" \/>\n<meta name=\"twitter:label1\" content=\"Tiempo de lectura\" \/>\n\t<meta name=\"twitter:data1\" content=\"1 minuto\" \/>\n<script type=\"application\/ld+json\" class=\"yoast-schema-graph\">{\"@context\":\"https:\\\/\\\/schema.org\",\"@graph\":[{\"@type\":\"WebPage\",\"@id\":\"https:\\\/\\\/unionmusicaltorrellano.es\\\/index.php\\\/profesores\\\/\",\"url\":\"https:\\\/\\\/unionmusicaltorrellano.es\\\/index.php\\\/profesores\\\/\",\"name\":\"Profesores - Uni\u00f3n Musical de Torrellano\",\"isPartOf\":{\"@id\":\"https:\\\/\\\/unionmusicaltorrellano.es\\\/#website\"},\"datePublished\":\"2019-12-15T18:00:58+00:00\",\"dateModified\":\"2025-09-22T17:20:50+00:00\",\"description\":\"Union Musical de Torrellano con escuela y banda\",\"breadcrumb\":{\"@id\":\"https:\\\/\\\/unionmusicaltorrellano.es\\\/index.php\\\/profesores\\\/#breadcrumb\"},\"inLanguage\":\"es\",\"potentialAction\":[{\"@type\":\"ReadAction\",\"target\":[\"https:\\\/\\\/unionmusicaltorrellano.es\\\/index.php\\\/profesores\\\/\"]}]},{\"@type\":\"BreadcrumbList\",\"@id\":\"https:\\\/\\\/unionmusicaltorrellano.es\\\/index.php\\\/profesores\\\/#breadcrumb\",\"itemListElement\":[{\"@type\":\"ListItem\",\"position\":1,\"name\":\"Portada\",\"item\":\"https:\\\/\\\/unionmusicaltorrellano.es\\\/\"},{\"@type\":\"ListItem\",\"position\":2,\"name\":\"Profesores\"}]},{\"@type\":\"WebSite\",\"@id\":\"https:\\\/\\\/unionmusicaltorrellano.es\\\/#website\",\"url\":\"https:\\\/\\\/unionmusicaltorrellano.es\\\/\",\"name\":\"Uni\u00f3n Musical de Torrellano\",\"description\":\"Banda y Escuela de M\u00fasica de Torrellano\",\"publisher\":{\"@id\":\"https:\\\/\\\/unionmusicaltorrellano.es\\\/#organization\"},\"potentialAction\":[{\"@type\":\"SearchAction\",\"target\":{\"@type\":\"EntryPoint\",\"urlTemplate\":\"https:\\\/\\\/unionmusicaltorrellano.es\\\/?s={search_term_string}\"},\"query-input\":{\"@type\":\"PropertyValueSpecification\",\"valueRequired\":true,\"valueName\":\"search_term_string\"}}],\"inLanguage\":\"es\"},{\"@type\":\"Organization\",\"@id\":\"https:\\\/\\\/unionmusicaltorrellano.es\\\/#organization\",\"name\":\"Union Musical de Torrellano\",\"url\":\"https:\\\/\\\/unionmusicaltorrellano.es\\\/\",\"logo\":{\"@type\":\"ImageObject\",\"inLanguage\":\"es\",\"@id\":\"https:\\\/\\\/unionmusicaltorrellano.es\\\/#\\\/schema\\\/logo\\\/image\\\/\",\"url\":\"http:\\\/\\\/unionmusicaltorrellano.es\\\/wp-content\\\/uploads\\\/2019\\\/11\\\/logo2.png\",\"contentUrl\":\"http:\\\/\\\/unionmusicaltorrellano.es\\\/wp-content\\\/uploads\\\/2019\\\/11\\\/logo2.png\",\"width\":159,\"height\":180,\"caption\":\"Union Musical de Torrellano\"},\"image\":{\"@id\":\"https:\\\/\\\/unionmusicaltorrellano.es\\\/#\\\/schema\\\/logo\\\/image\\\/\"},\"sameAs\":[\"https:\\\/\\\/www.facebook.com\\\/umttorrellano\\\/\",\"https:\\\/\\\/www.instagram.com\\\/unionmusicaltorrellano\\\/\"]}]}<\/script>\n<!-- \/ Yoast SEO plugin. -->","yoast_head_json":{"title":"Profesores - Uni\u00f3n Musical de Torrellano","description":"Union Musical de Torrellano con escuela y banda","robots":{"index":"index","follow":"follow","max-snippet":"max-snippet:-1","max-image-preview":"max-image-preview:large","max-video-preview":"max-video-preview:-1"},"canonical":"https:\/\/unionmusicaltorrellano.es\/index.php\/profesores\/","og_locale":"es_ES","og_type":"article","og_title":"Profesores - Uni\u00f3n Musical de Torrellano","og_description":"Union Musical de Torrellano con escuela y banda","og_url":"https:\/\/unionmusicaltorrellano.es\/index.php\/profesores\/","og_site_name":"Uni\u00f3n Musical de Torrellano","article_publisher":"https:\/\/www.facebook.com\/umttorrellano\/","article_modified_time":"2025-09-22T17:20:50+00:00","twitter_card":"summary_large_image","twitter_misc":{"Tiempo de lectura":"1 minuto"},"schema":{"@context":"https:\/\/schema.org","@graph":[{"@type":"WebPage","@id":"https:\/\/unionmusicaltorrellano.es\/index.php\/profesores\/","url":"https:\/\/unionmusicaltorrellano.es\/index.php\/profesores\/","name":"Profesores - Uni\u00f3n Musical de Torrellano","isPartOf":{"@id":"https:\/\/unionmusicaltorrellano.es\/#website"},"datePublished":"2019-12-15T18:00:58+00:00","dateModified":"2025-09-22T17:20:50+00:00","description":"Union Musical de Torrellano con escuela y banda","breadcrumb":{"@id":"https:\/\/unionmusicaltorrellano.es\/index.php\/profesores\/#breadcrumb"},"inLanguage":"es","potentialAction":[{"@type":"ReadAction","target":["https:\/\/unionmusicaltorrellano.es\/index.php\/profesores\/"]}]},{"@type":"BreadcrumbList","@id":"https:\/\/unionmusicaltorrellano.es\/index.php\/profesores\/#breadcrumb","itemListElement":[{"@type":"ListItem","position":1,"name":"Portada","item":"https:\/\/unionmusicaltorrellano.es\/"},{"@type":"ListItem","position":2,"name":"Profesores"}]},{"@type":"WebSite","@id":"https:\/\/unionmusicaltorrellano.es\/#website","url":"https:\/\/unionmusicaltorrellano.es\/","name":"Uni\u00f3n Musical de Torrellano","description":"Banda y Escuela de M\u00fasica de Torrellano","publisher":{"@id":"https:\/\/unionmusicaltorrellano.es\/#organization"},"potentialAction":[{"@type":"SearchAction","target":{"@type":"EntryPoint","urlTemplate":"https:\/\/unionmusicaltorrellano.es\/?s={search_term_string}"},"query-input":{"@type":"PropertyValueSpecification","valueRequired":true,"valueName":"search_term_string"}}],"inLanguage":"es"},{"@type":"Organization","@id":"https:\/\/unionmusicaltorrellano.es\/#organization","name":"Union Musical de Torrellano","url":"https:\/\/unionmusicaltorrellano.es\/","logo":{"@type":"ImageObject","inLanguage":"es","@id":"https:\/\/unionmusicaltorrellano.es\/#\/schema\/logo\/image\/","url":"http:\/\/unionmusicaltorrellano.es\/wp-content\/uploads\/2019\/11\/logo2.png","contentUrl":"http:\/\/unionmusicaltorrellano.es\/wp-content\/uploads\/2019\/11\/logo2.png","width":159,"height":180,"caption":"Union Musical de Torrellano"},"image":{"@id":"https:\/\/unionmusicaltorrellano.es\/#\/schema\/logo\/image\/"},"sameAs":["https:\/\/www.facebook.com\/umttorrellano\/","https:\/\/www.instagram.com\/unionmusicaltorrellano\/"]}]}},"_links":{"self":[{"href":"https:\/\/unionmusicaltorrellano.es\/index.php\/wp-json\/wp\/v2\/pages\/2418","targetHints":{"allow":["GET"]}}],"collection":[{"href":"https:\/\/unionmusicaltorrellano.es\/index.php\/wp-json\/wp\/v2\/pages"}],"about":[{"href":"https:\/\/unionmusicaltorrellano.es\/index.php\/wp-json\/wp\/v2\/types\/page"}],"author":[{"embeddable":true,"href":"https:\/\/unionmusicaltorrellano.es\/index.php\/wp-json\/wp\/v2\/users\/1"}],"replies":[{"embeddable":true,"href":"https:\/\/unionmusicaltorrellano.es\/index.php\/wp-json\/wp\/v2\/comments?post=2418"}],"version-history":[{"count":43,"href":"https:\/\/unionmusicaltorrellano.es\/index.php\/wp-json\/wp\/v2\/pages\/2418\/revisions"}],"predecessor-version":[{"id":4309,"href":"https:\/\/unionmusicaltorrellano.es\/index.php\/wp-json\/wp\/v2\/pages\/2418\/revisions\/4309"}],"wp:attachment":[{"href":"https:\/\/unionmusicaltorrellano.es\/index.php\/wp-json\/wp\/v2\/media?parent=2418"}],"curies":[{"name":"wp","href":"https:\/\/api.w.org\/{rel}","templated":true}]}}